{"id":20896,"date":"2026-01-20T21:19:35","date_gmt":"2026-01-20T21:19:35","guid":{"rendered":"https:\/\/starnekretnine.hr\/?post_type=property&#038;p=20896"},"modified":"2026-03-31T18:42:42","modified_gmt":"2026-03-31T18:42:42","slug":"istra-bale-dvojna-kuca-sa-bazenom","status":"publish","type":"property","link":"https:\/\/starnekretnine.hr\/index.php\/property\/istra-bale-dvojna-kuca-sa-bazenom\/","title":{"rendered":"Istra, Bale, dvojna ku\u0107a sa bazenom"},"content":{"rendered":"\n<p><\/p>\n\n\n\n<p>Dvojna ku\u0107a smje\u0161tena u mirnom dijelu obiteljskih ku\u0107a i ku\u0107a za odmor, u mjestu bogatom povije\u0161\u0107u i tradicijom, s modernim elementima, prostire se na ukupnoj bruto povr\u0161ini od 200 m\u00b2. Ku\u0107a se nalazi u slijepoj ulici, svega oko 300 metara od jezgre starog grada Bala.<\/p>\n\n\n\n<p>Ku\u0107a se sastoji od \u010detiri prostrane spava\u0107e sobe, od kojih master spava\u0107a soba ima vlastitu kupaonicu i garderobu, druga spava\u0107a soba tako\u0111er ima zasebnu kupaonicu, dok preostale dvije spava\u0107e sobe dijele jednu kupaonicu. U prizemlju ku\u0107e nalazi se dodatni (gostinjski) toalet, \u010dime je funkcionalnost prostora podignuta na visoku razinu. Tehni\u010dka soba slu\u017ei kao prostor za smje\u0161taj svih tehni\u010dkih ure\u0111aja, osiguravaju\u0107i optimalnu organizaciju i funkcionalnost doma.<\/p>\n\n\n\n<p>Sredi\u0161nji dio ku\u0107e \u010dini open-space prostor u kojem su objedinjeni kuhinja, blagovaonica i dnevni boravak. Velike staklene stijene omogu\u0107uju obilje prirodne svjetlosti, stvaraju\u0107i svijetao i prozra\u010dan ambijent idealan za svakodnevni \u017eivot i dru\u017eenja. Iz dnevnog boravka izlazi se izravno na sun\u010dali\u0161te i bazen, \u010dime se posti\u017ee savr\u0161en prijelaz izme\u0111u unutarnjeg i vanjskog prostora. Bazen je povr\u0161ine 36 m\u00b2.<\/p>\n\n\n\n<p>Grijanje je rije\u0161eno putem podnog grijanja na dizalicu topline, dok \u0161est klima-ure\u0111aja osigurava ugodnu temperaturu tijekom cijele godine. Ku\u0107a je izolirana stiroporom debljine 10 cm, \u0161to doprinosi visokoj energetskoj u\u010dinkovitosti. Tako\u0111er, pripremljen je dimnjak za kamin koji se po potrebi mo\u017ee aktivirati.<\/p>\n\n\n\n<p>Ku\u0107a ima visokokvalitetnu ALU stolariju i masivna drvena ulazna vrata koja uspje\u0161no spajaju suvremeni dizajn s toplinom prirodnih materijala. Drveni podovi postavljeni su u svim prostorijama osim kupaonica, gdje su ugra\u0111ene kerami\u010dke plo\u010dice, \u0161to omogu\u0107uje jednostavno odr\u017eavanje i prakti\u010dnost.<\/p>\n\n\n\n<p>Smje\u0161tena u predivnom prirodnom okru\u017eenju, ku\u0107a pru\u017ea jedinstvenu kombinaciju suvremenog komfora te bogate povijesti i tradicije. Bale se nalaze na otprilike 20 minuta vo\u017enje od Pule te oko 10 minuta od Rovinja i mora.<\/p>\n\n\n\n<p>Zahvaljuju\u0107i izvrsnoj lokaciji, kvalitetnoj gradnji i funkcionalnom rasporedu prostora, ova ku\u0107a predstavlja savr\u0161enu priliku kako za ugodan obiteljski \u017eivot, tako i kao investiciju za turisti\u010dki najam.<\/p>\n","protected":false},"excerpt":{"rendered":"<p>Dvojna ku\u0107a smje\u0161tena u mirnom dijelu obiteljskih ku\u0107a i ku\u0107a za odmor, u mjestu bogatom povije\u0161\u0107u i tradicijom, s modernim elementima, prostire se na ukupnoj bruto povr\u0161ini od 200 m\u00b2. Ku\u0107a se nalazi u slijepoj ulici, svega oko 300 metara od jezgre starog grada Bala. Ku\u0107a se sastoji od \u010detiri prostrane spava\u0107e sobe, od kojih [&hellip;]<\/p>\n","protected":false},"author":2,"featured_media":20897,"parent":0,"menu_order":0,"template":"","property_type":[73,65],"property_status":[28],"property_feature":[101,89,92,82,108],"property_label":[126],"property_country":[],"property_state":[],"property_city":[121],"property_area":[],"class_list":["post-20896","property","type-property","status-publish","has-post-thumbnail","hentry","property_type-obiteljska-kuca","property_type-villa","property_status-prodaja","property_feature-bazen","property_feature-gradevinska-dozvola","property_feature-klima-uredaj","property_feature-ureden","property_feature-vanjsko-parkirno-mjesto","property_label-istaknute","property_city-istra-i-kvarner"],"aioseo_notices":[],"property_meta":{"_edit_lock":["1774982563:2"],"_thumbnail_id":["20897"],"_edit_last":["2"],"fave_property_price":["600000"],"fave_show_price_placeholder":["0"],"fave_property_bedrooms":["4"],"fave_property_bathrooms":["3"],"fave_property_map":["1"],"fave_property_location":["45.038544343346,13.785671192528,12"],"houzez_geolocation_lat":["45.038544343346"],"houzez_geolocation_long":["13.785671192528"],"fave_property_map_street_view":["hide"],"fave_featured":["0"],"houzez_featured_listing_date":[""],"fave_loggedintoview":["0"],"fave_agent_display_option":["agent_info"],"fave_agents":["17563"],"fave_prop_homeslider":["no"],"fave_single_top_area":["global"],"fave_single_content_area":["global"],"_aioseo_title":[null],"_aioseo_description":[null],"_aioseo_keywords":["a:0:{}"],"_aioseo_og_title":[null],"_aioseo_og_description":[null],"_aioseo_og_article_section":[""],"_aioseo_og_article_tags":["a:0:{}"],"_aioseo_twitter_title":[null],"_aioseo_twitter_description":[null],"houzez_manual_expire":["0"],"_houzez_expiration_date_status":["saved"],"houzez_total_property_views":["356"],"houzez_views_by_date":["a:61:{s:10:\"02-22-2026\";i:2;s:10:\"02-23-2026\";i:5;s:10:\"02-24-2026\";i:3;s:10:\"02-25-2026\";i:4;s:10:\"02-26-2026\";i:3;s:10:\"02-27-2026\";i:1;s:10:\"02-28-2026\";i:1;s:10:\"03-01-2026\";i:3;s:10:\"03-02-2026\";i:2;s:10:\"03-03-2026\";i:3;s:10:\"03-04-2026\";i:1;s:10:\"03-06-2026\";i:1;s:10:\"03-07-2026\";i:1;s:10:\"03-08-2026\";i:3;s:10:\"03-09-2026\";i:3;s:10:\"03-10-2026\";i:2;s:10:\"03-11-2026\";i:5;s:10:\"03-12-2026\";i:2;s:10:\"03-13-2026\";i:1;s:10:\"03-14-2026\";i:2;s:10:\"03-15-2026\";i:3;s:10:\"03-16-2026\";i:2;s:10:\"03-17-2026\";i:6;s:10:\"03-19-2026\";i:1;s:10:\"03-23-2026\";i:4;s:10:\"03-24-2026\";i:4;s:10:\"03-25-2026\";i:3;s:10:\"03-26-2026\";i:3;s:10:\"03-27-2026\";i:3;s:10:\"03-28-2026\";i:2;s:10:\"03-29-2026\";i:2;s:10:\"03-30-2026\";i:1;s:10:\"03-31-2026\";i:2;s:10:\"04-02-2026\";i:3;s:10:\"04-03-2026\";i:5;s:10:\"04-04-2026\";i:4;s:10:\"04-06-2026\";i:5;s:10:\"04-07-2026\";i:5;s:10:\"04-08-2026\";i:1;s:10:\"04-09-2026\";i:30;s:10:\"04-10-2026\";i:17;s:10:\"04-11-2026\";i:9;s:10:\"04-12-2026\";i:11;s:10:\"04-13-2026\";i:2;s:10:\"04-14-2026\";i:8;s:10:\"04-15-2026\";i:10;s:10:\"04-16-2026\";i:4;s:10:\"04-17-2026\";i:4;s:10:\"04-18-2026\";i:5;s:10:\"04-19-2026\";i:5;s:10:\"04-20-2026\";i:7;s:10:\"04-21-2026\";i:3;s:10:\"04-22-2026\";i:3;s:10:\"04-23-2026\";i:2;s:10:\"04-24-2026\";i:2;s:10:\"04-25-2026\";i:2;s:10:\"04-26-2026\";i:2;s:10:\"04-27-2026\";i:8;s:10:\"04-28-2026\";i:5;s:10:\"04-29-2026\";i:7;s:10:\"04-30-2026\";i:7;}"],"houzez_recently_viewed":["2026-04-30 20:49:14"],"fave_property_images":["20897","20898","20899","20901","20900","20902"],"_elementor_page_assets":["a:0:{}"]},"_links":{"self":[{"href":"https:\/\/starnekretnine.hr\/index.php\/wp-json\/wp\/v2\/properties\/20896","targetHints":{"allow":["GET"]}}],"collection":[{"href":"https:\/\/starnekretnine.hr\/index.php\/wp-json\/wp\/v2\/properties"}],"about":[{"href":"https:\/\/starnekretnine.hr\/index.php\/wp-json\/wp\/v2\/types\/property"}],"author":[{"embeddable":true,"href":"https:\/\/starnekretnine.hr\/index.php\/wp-json\/wp\/v2\/users\/2"}],"version-history":[{"count":1,"href":"https:\/\/starnekretnine.hr\/index.php\/wp-json\/wp\/v2\/properties\/20896\/revisions"}],"predecessor-version":[{"id":20903,"href":"https:\/\/starnekretnine.hr\/index.php\/wp-json\/wp\/v2\/properties\/20896\/revisions\/20903"}],"wp:featuredmedia":[{"embeddable":true,"href":"https:\/\/starnekretnine.hr\/index.php\/wp-json\/wp\/v2\/media\/20897"}],"wp:attachment":[{"href":"https:\/\/starnekretnine.hr\/index.php\/wp-json\/wp\/v2\/media?parent=20896"}],"wp:term":[{"taxonomy":"property_type","embeddable":true,"href":"https:\/\/starnekretnine.hr\/index.php\/wp-json\/wp\/v2\/property_type?post=20896"},{"taxonomy":"property_status","embeddable":true,"href":"https:\/\/starnekretnine.hr\/index.php\/wp-json\/wp\/v2\/property_status?post=20896"},{"taxonomy":"property_feature","embeddable":true,"href":"https:\/\/starnekretnine.hr\/index.php\/wp-json\/wp\/v2\/property_feature?post=20896"},{"taxonomy":"property_label","embeddable":true,"href":"https:\/\/starnekretnine.hr\/index.php\/wp-json\/wp\/v2\/property_label?post=20896"},{"taxonomy":"property_country","embeddable":true,"href":"https:\/\/starnekretnine.hr\/index.php\/wp-json\/wp\/v2\/property_country?post=20896"},{"taxonomy":"property_state","embeddable":true,"href":"https:\/\/starnekretnine.hr\/index.php\/wp-json\/wp\/v2\/property_state?post=20896"},{"taxonomy":"property_city","embeddable":true,"href":"https:\/\/starnekretnine.hr\/index.php\/wp-json\/wp\/v2\/property_city?post=20896"},{"taxonomy":"property_area","embeddable":true,"href":"https:\/\/starnekretnine.hr\/index.php\/wp-json\/wp\/v2\/property_area?post=20896"}],"curies":[{"name":"wp","href":"https:\/\/api.w.org\/{rel}","templated":true}]}}